{"id":6798,"date":"2015-03-14T03:46:05","date_gmt":"2015-03-14T03:46:05","guid":{"rendered":"http:\/\/www.revistadinamo.com\/?page_id=6798"},"modified":"2019-09-19T14:53:34","modified_gmt":"2019-09-19T14:53:34","slug":"quienes-somos-2","status":"publish","type":"page","link":"http:\/\/www.revistadinamo.com\/?page_id=6798","title":{"rendered":"Qui\u00e9nes somos"},"content":{"rendered":"<h1 style=\"text-align: left;\"><span class=\"naranja\"><strong>Concepto<\/strong><\/span><\/h1>\n<p>Somos <strong>Revista D\u00ednamo<\/strong>, un proyecto digital autogestionado que busca redescubrir la cultura en todas sus formas y darle la cobertura que los medios tradicionales no le suelen dedicar. En D\u00ednamo, pod\u00e9s encontrar tendencias, vanguardia, recovecos culturales escondidos en la ciudad y artistas, m\u00fasicos y escritores emergentes, as\u00ed como rese\u00f1as de obras de teatro y de pel\u00edculas independientes.<\/p>\n<h1 style=\"text-align: left;\"><span class=\"naranja\"><strong>Secciones<\/strong><\/span><\/h1>\n<p style=\"text-align: left;\"><strong>Miscel\u00e1neas:\u00a0<\/strong>Variet\u00e9 en su m\u00e1xima expresi\u00f3n. Esta secci\u00f3n tiene notas de actualidad, movidas culturales y tendencias. Pero su concepto es amplio y responde al inter\u00e9s general.<br \/>\n<strong>Dossier:<\/strong>\u00a0Algunos temas necesitan m\u00e1s profundidad que otros y otros, por su propia naturaleza, son m\u00e1s complejos. Todos ellos se engloban en esta categor\u00eda.<br \/>\n<strong>Contrapunto:\u00a0<\/strong>Un tema controvertido tiene dos puntos de vista como m\u00ednimo. Eso es lo que exploramos.<br \/>\n<strong>Protagonistas:\u00a0<\/strong>Personalidades conocidas y a conocer.<br \/>\n<strong>Plan D\u00ednamo:\u00a0<\/strong>Propuestas diferentes para salir y vivir la cultura.<\/p>\n<h1 style=\"text-align: left;\"><span class=\"naranja\"><strong>Secciones especiales<\/strong><\/span><\/h1>\n<p style=\"text-align: left;\"><strong>Mi librer\u00eda fetiche y Mi punto fetiche:<\/strong> Refugios de la cultura, el arte y el placer.<br \/>\n<strong>Galer\u00edas:<\/strong> Invitamos a un artista o fot\u00f3grafo para que presente su trabajo.<br \/>\n<strong>Videos:<\/strong> Recomendamos pel\u00edculas y documentales.<\/p>\n<h1 style=\"text-align: left;\"><span class=\"naranja\"><strong>Proyecto<\/strong><\/span><\/h1>\n<div class=\"clear\" style=\"width: 700px; margin: auto;\">\n<div class=\"creadoras\">\n<div style=\"background: url('http:\/\/p8000227.ferozo.com\/revistadinamo\/wp-content\/themes\/dinamo\/images\/agus_recorte.jpg'); background-repeat: no-repeat; background-size: 230px; background-position: 0px; height: 230px; width: 230px; border-radius: 50%; overflow: hidden; margin: auto;\"><\/div>\n<h5>Agustina Ordoqui<br \/>\nDirectora y editora<br \/>\n@AgusOrdoqui<\/h5>\n<p>Periodista, licenciada en Ciencia Pol\u00edtica (UBA) y mag\u00edster en Estudios Internacionales (Paris 3 Sorbonne Nouvelle). A los 15 a\u00f1os gan\u00f3 su primer premio literario. Trabaj\u00f3 muchos a\u00f1os como redactora en Infobae, hasta que decidi\u00f3 buscar nuevos rumbos y se convirti\u00f3 en corresponsal para ese medio desde Francia. Sigu\u00f3 a los refugiados, cubri\u00f3 atentados y sali\u00f3 a la calle con los manifestantes franceses. Volvi\u00f3 a Buenos Aires y ahora es freelancer para Infobae y columnista de radio. En Twitter, es <a href=\"https:\/\/twitter.com\/agusordoqui\" target=\"_blank\" rel=\"noopener noreferrer\">@agusordoqui<\/a><\/p>\n<\/div>\n<div class=\"creadoras\" style=\"margin-right: 0px;\">\n<div style=\"background: url('http:\/\/p8000227.ferozo.com\/revistadinamo\/wp-content\/themes\/dinamo\/images\/lujan_recorte.jpg'); background-repeat: no-repeat; background-size: 230px; background-position: 0px 0px; height: 230px; width: 230px; border-radius: 50%; overflow: hidden; margin: auto;\"><\/div>\n<h5>Mar\u00eda Luj\u00e1n Torralba<br \/>\nDirectora y editora<br \/>\n@lujitorralba<\/h5>\n<p>Estudi\u00f3 Letras en la UBA, particip\u00f3 en teatro como actriz y es periodista recibida en TEA. Form\u00f3 parte de Teatro por la Identidad y de diferentes agrupaciones art\u00edsticas. Actualmente, realiza trabajos free lance en medios gr\u00e1ficos, hace prensa y acepta cualquier tarea que involucre la redacci\u00f3n de textos. En Twitter, es <a href=\"https:\/\/twitter.com\/lujitorralba\" target=\"_blank\" rel=\"noopener noreferrer\">@lujitorralba<\/a><\/p>\n<\/div>\n<\/div>\n<h1><span class=\"naranja\"><strong>Colaboradores<\/strong><\/span><\/h1>\n<div style=\"width: 800px; height: 250px; margin: auto; overflow: hidden;\">\n<div class=\"colaboradores\">\n<p><strong>Virginia Torralba<\/strong>\u00a0 Ilustradora<\/p>\n<\/div>\n<div class=\"colaboradores\">\n<p><a href=\"http:\/\/www.marinewalon.blogspot.fr\" target=\"_blank\" rel=\"noopener noreferrer\"><strong> Marine Walon<\/strong><\/a> \u00a0Ilustradora<\/p>\n<\/div>\n<div class=\"colaboradores\">\n<p><strong>Julieta Marucco<\/strong> \u00a0 Colaborada \u00a0 <a href=\"https:\/\/twitter.com\/JulietaMarucco\" target=\"_blank\" rel=\"noopener noreferrer\">@JulietaMarucco<\/a><\/p>\n<\/div>\n<\/div>\n<div class=\"colaboradores\">\n<p><strong>Gerchu<\/strong><br \/>\nColaborador<\/p>\n<\/div>\n<div class=\"colaboradores\">\n<p><strong>Federico Moretti<\/strong> \u00a0 Colaborador \u00a0 <a href=\"https:\/\/twitter.com\/@fede_pmoretti\" target=\"_blank\" rel=\"noopener noreferrer\"> @fede_pmoretti<\/a><\/p>\n<\/div>\n<div class=\"colaboradores\">\n<p><strong>Florencia Pasquali<\/strong>\u00a0 Colaboradora \u00a0<a href=\"https:\/\/twitter.com\/@flopasquali\" target=\"_blank\" rel=\"noopener noreferrer\"> @flopasquali<\/a><\/p>\n<\/div>\n<div class=\"colaboradores\">\n<p><strong>Esteban de Castro<\/strong>\u00a0 Dise\u00f1o y programaci\u00f3n<\/p>\n<\/div>\n","protected":false},"excerpt":{"rendered":"<p>Concepto Somos Revista D\u00ednamo, un proyecto digital autogestionado que busca redescubrir la cultura en todas sus formas y darle la cobertura que los medios tradicionales no le suelen dedicar. En D\u00ednamo, pod\u00e9s encontrar tendencias, vanguardia, recovecos culturales escondidos en la ciudad y artistas, m\u00fasicos y escritores emergentes, as\u00ed como rese\u00f1as de obras de teatro y de pel\u00edculas independientes. Secciones Miscel\u00e1neas:\u00a0Variet\u00e9 en su m\u00e1xima expresi\u00f3n. Esta secci\u00f3n tiene notas de actualidad, movidas culturales y tendencias. Pero su concepto es amplio y responde al inter\u00e9s general. Dossier:\u00a0Algunos temas necesitan m\u00e1s profundidad que otros y otros, por su propia naturaleza, son m\u00e1s complejos. Todos ellos se engloban en esta categor\u00eda. Contrapunto:\u00a0Un tema controvertido tiene dos puntos de vista como m\u00ednimo. Eso es lo que exploramos. Protagonistas:\u00a0Personalidades conocidas y a conocer. Plan D\u00ednamo:\u00a0Propuestas diferentes para salir y vivir la cultura. Secciones especiales Mi librer\u00eda fetiche y Mi punto fetiche: Refugios de la cultura, el arte y el placer. Galer\u00edas: Invitamos a un artista o fot\u00f3grafo para que presente su trabajo. Videos: Recomendamos pel\u00edculas y documentales. Proyecto Agustina Ordoqui Directora y editora @AgusOrdoqui Periodista, licenciada en Ciencia Pol\u00edtica (UBA) y mag\u00edster en Estudios Internacionales (Paris 3 Sorbonne Nouvelle). A los 15 a\u00f1os gan\u00f3 su primer [&hellip;]<\/p>\n","protected":false},"author":2,"featured_media":0,"parent":0,"menu_order":0,"comment_status":"closed","ping_status":"closed","template":"","meta":[],"_links":{"self":[{"href":"http:\/\/www.revistadinamo.com\/index.php?rest_route=\/wp\/v2\/pages\/6798"}],"collection":[{"href":"http:\/\/www.revistadinamo.com\/index.php?rest_route=\/wp\/v2\/pages"}],"about":[{"href":"http:\/\/www.revistadinamo.com\/index.php?rest_route=\/wp\/v2\/types\/page"}],"author":[{"embeddable":true,"href":"http:\/\/www.revistadinamo.com\/index.php?rest_route=\/wp\/v2\/users\/2"}],"replies":[{"embeddable":true,"href":"http:\/\/www.revistadinamo.com\/index.php?rest_route=%2Fwp%2Fv2%2Fcomments&post=6798"}],"version-history":[{"count":6,"href":"http:\/\/www.revistadinamo.com\/index.php?rest_route=\/wp\/v2\/pages\/6798\/revisions"}],"predecessor-version":[{"id":8325,"href":"http:\/\/www.revistadinamo.com\/index.php?rest_route=\/wp\/v2\/pages\/6798\/revisions\/8325"}],"wp:attachment":[{"href":"http:\/\/www.revistadinamo.com\/index.php?rest_route=%2Fwp%2Fv2%2Fmedia&parent=6798"}],"curies":[{"name":"wp","href":"https:\/\/api.w.org\/{rel}","templated":true}]}}